{"id":44,"date":"2010-07-23T22:21:23","date_gmt":"2010-07-23T20:21:23","guid":{"rendered":"http:\/\/www.ahornschule.de\/?page_id=44"},"modified":"2025-02-05T20:18:54","modified_gmt":"2025-02-05T18:18:54","slug":"unsere-schule","status":"publish","type":"page","link":"http:\/\/www.ahornschule.de\/","title":{"rendered":"Unsere Schule"},"content":{"rendered":"\n<div class=\"wp-block-group\"><div class=\"wp-block-group__inner-container is-layout-flow wp-block-group-is-layout-flow\">\n<h2 class=\"wp-block-heading\"><strong><span style=\"color: #ff0000;\"><span class=\"has-inline-color has-primary-color\">Aktuelle Informationen<\/span><\/span> erhalten Sie <a rel=\"noreferrer noopener\" href=\"http:\/\/www.ahornschule.de\/?page_id=6774\" target=\"_blank\">hier<\/a>.<\/strong><\/h2>\n\n\n\n<p>Die Ahornschule L\u00fctter ist seit dem 1. August 1972 eine eigenst\u00e4ndige Grundschule f\u00fcr die Ortsteile L\u00fctter, R\u00f6nshausen, Melters und Welkers der Gro\u00dfgemeinde Eichenzell. <br>Insgesamt werden ca. 140 Kinder von 10 Lehrkr\u00e4ften in normalerweise zwei Klassen pro Jahrgang unterrichtet. <br>Im Schuljahr 2024\/ 25 ist die erste Jahrgangsstufe einz\u00fcgig.<br><\/p>\n\n\n\n<div class=\"wp-block-image\"><figure class=\"aligncenter size-large is-resized\"><img loading=\"lazy\" decoding=\"async\" src=\"http:\/\/www.ahornschule.de\/wp-content\/uploads\/20150502-Ahornschule-002.jpg\" alt=\"\" width=\"678\" height=\"351\"\/><\/figure><\/div>\n\n\n\n<div class=\"wp-block-image\"><figure class=\"aligncenter size-large is-resized\"><img loading=\"lazy\" decoding=\"async\" src=\"http:\/\/www.ahornschule.de\/wp-content\/uploads\/Ahornlied.jpg\" alt=\"\" class=\"wp-image-5161\" width=\"579\" height=\"827\" srcset=\"http:\/\/www.ahornschule.de\/wp-content\/uploads\/Ahornlied.jpg 542w, http:\/\/www.ahornschule.de\/wp-content\/uploads\/Ahornlied-210x300.jpg 210w\" sizes=\"auto, (max-width: 579px) 100vw, 579px\" \/><\/figure><\/div>\n\n\n\n<p><strong>Unser Kletterger\u00fcst<br><\/strong>Seit dem 9. April 2018 freuen sich die Sch\u00fcler der Ahornschule \u00fcber ihr neues Kletterger\u00fcst, das nun noch mehr Bewegungsm\u00f6glichkeiten an unserer &#8222;Bewegten Grundschule&#8220; bietet.<br>Wir danken den Sponsoren &#8211; dem F\u00f6rderverein der Ahornschule L\u00fctter, der Firma F\u00f6rstina, der Gemeinde Eichenzell sowie dem Landkreis Fulda &#8211; f\u00fcr ihre finanzielle F\u00f6rderung und die tatkr\u00e4ftige Unterst\u00fctzung beim Errichten des Kletterger\u00fcstes.<\/p>\n\n\n\n<figure class=\"wp-block-table\"><table><tbody><tr><td><img loading=\"lazy\" decoding=\"async\" class=\"alignleft size-full wp-image-4422\" src=\"http:\/\/www.ahornschule.de\/wp-content\/uploads\/Kletterger\u00fcst-im-Bau-e1525521016786.jpg\" alt=\"\" width=\"2448\" height=\"3264\" srcset=\"http:\/\/www.ahornschule.de\/wp-content\/uploads\/Kletterger\u00fcst-im-Bau-e1525521016786.jpg 2448w, http:\/\/www.ahornschule.de\/wp-content\/uploads\/Kletterger\u00fcst-im-Bau-e1525521016786-225x300.jpg 225w, http:\/\/www.ahornschule.de\/wp-content\/uploads\/Kletterger\u00fcst-im-Bau-e1525521016786-768x1024.jpg 768w\" sizes=\"auto, (max-width: 2448px) 100vw, 2448px\" \/><\/td><td><img loading=\"lazy\" decoding=\"async\" class=\"alignleft size-full wp-image-4424\" src=\"http:\/\/www.ahornschule.de\/wp-content\/uploads\/Kletterger\u00fcst-ohne-Kinder-e1525521032411.jpg\" alt=\"\" width=\"2448\" height=\"3264\" srcset=\"http:\/\/www.ahornschule.de\/wp-content\/uploads\/Kletterger\u00fcst-ohne-Kinder-e1525521032411.jpg 2448w, http:\/\/www.ahornschule.de\/wp-content\/uploads\/Kletterger\u00fcst-ohne-Kinder-e1525521032411-225x300.jpg 225w, http:\/\/www.ahornschule.de\/wp-content\/uploads\/Kletterger\u00fcst-ohne-Kinder-e1525521032411-768x1024.jpg 768w\" sizes=\"auto, (max-width: 2448px) 100vw, 2448px\" \/><\/td><\/tr><\/tbody><\/table><\/figure>\n\n\n\n<div class=\"wp-block-image\"><figure class=\"alignleft\"><img loading=\"lazy\" decoding=\"async\" width=\"3264\" height=\"2448\" src=\"http:\/\/www.ahornschule.de\/wp-content\/uploads\/Kletterger\u00fcst-mit-Kindern-e1525521166294.jpg\" alt=\"\" class=\"wp-image-4423\" srcset=\"http:\/\/www.ahornschule.de\/wp-content\/uploads\/Kletterger\u00fcst-mit-Kindern-e1525521166294.jpg 3264w, http:\/\/www.ahornschule.de\/wp-content\/uploads\/Kletterger\u00fcst-mit-Kindern-e1525521166294-300x225.jpg 300w, http:\/\/www.ahornschule.de\/wp-content\/uploads\/Kletterger\u00fcst-mit-Kindern-e1525521166294-768x576.jpg 768w, http:\/\/www.ahornschule.de\/wp-content\/uploads\/Kletterger\u00fcst-mit-Kindern-e1525521166294-1024x768.jpg 1024w\" sizes=\"auto, (max-width: 3264px) 100vw, 3264px\" \/><\/figure><\/div>\n\n\n\n<div class=\"wp-block-image\"><figure class=\"alignleft\"><img loading=\"lazy\" decoding=\"async\" width=\"2448\" height=\"1982\" src=\"http:\/\/www.ahornschule.de\/wp-content\/uploads\/Schulhofgestaltung.jpg\" alt=\"\" class=\"wp-image-4593\" srcset=\"http:\/\/www.ahornschule.de\/wp-content\/uploads\/Schulhofgestaltung.jpg 2448w, http:\/\/www.ahornschule.de\/wp-content\/uploads\/Schulhofgestaltung-300x243.jpg 300w, http:\/\/www.ahornschule.de\/wp-content\/uploads\/Schulhofgestaltung-768x622.jpg 768w, http:\/\/www.ahornschule.de\/wp-content\/uploads\/Schulhofgestaltung-1024x829.jpg 1024w\" sizes=\"auto, (max-width: 2448px) 100vw, 2448px\" \/><\/figure><\/div>\n\n\n\n<p><br>Frau Janssen gestaltet mit Sch\u00fclern den Schulhof.<\/p>\n\n\n\n<div class=\"wp-block-image is-style-rounded\"><figure class=\"alignleft is-resized\"><img loading=\"lazy\" decoding=\"async\" src=\"http:\/\/www.ahornschule.de\/wp-content\/uploads\/IMG_6924-Schulgemeinde.jpg\" alt=\"\" class=\"wp-image-4689\" width=\"888\" height=\"634\" srcset=\"http:\/\/www.ahornschule.de\/wp-content\/uploads\/IMG_6924-Schulgemeinde.jpg 4708w, http:\/\/www.ahornschule.de\/wp-content\/uploads\/IMG_6924-Schulgemeinde-300x214.jpg 300w, http:\/\/www.ahornschule.de\/wp-content\/uploads\/IMG_6924-Schulgemeinde-768x548.jpg 768w, http:\/\/www.ahornschule.de\/wp-content\/uploads\/IMG_6924-Schulgemeinde-1024x731.jpg 1024w\" sizes=\"auto, (max-width: 888px) 100vw, 888px\" \/><\/figure><\/div>\n\n\n\n<p class=\"has-text-align-center\"><br><strong>Sch\u00fclerinnen, Sch\u00fcler und Kollegium im September 2018<\/strong><\/p>\n<\/div><\/div>\n","protected":false},"excerpt":{"rendered":"<p>Aktuelle Informationen erhalten Sie hier. Die Ahornschule L\u00fctter ist seit dem 1. August 1972 eine eigenst\u00e4ndige Grundschule f\u00fcr die Ortsteile L\u00fctter, R\u00f6nshausen, Melters und Welkers [&#8230;]<\/p>\n","protected":false},"author":1,"featured_media":0,"parent":0,"menu_order":2,"comment_status":"closed","ping_status":"closed","template":"onecolumn-page.php","meta":{"_coblocks_attr":"","_coblocks_dimensions":"","_coblocks_responsive_height":"","_coblocks_accordion_ie_support":"","footnotes":""},"class_list":["post-44","page","type-page","status-publish","hentry"],"_links":{"self":[{"href":"http:\/\/www.ahornschule.de\/index.php?rest_route=\/wp\/v2\/pages\/44","targetHints":{"allow":["GET"]}}],"collection":[{"href":"http:\/\/www.ahornschule.de\/index.php?rest_route=\/wp\/v2\/pages"}],"about":[{"href":"http:\/\/www.ahornschule.de\/index.php?rest_route=\/wp\/v2\/types\/page"}],"author":[{"embeddable":true,"href":"http:\/\/www.ahornschule.de\/index.php?rest_route=\/wp\/v2\/users\/1"}],"replies":[{"embeddable":true,"href":"http:\/\/www.ahornschule.de\/index.php?rest_route=%2Fwp%2Fv2%2Fcomments&post=44"}],"version-history":[{"count":118,"href":"http:\/\/www.ahornschule.de\/index.php?rest_route=\/wp\/v2\/pages\/44\/revisions"}],"predecessor-version":[{"id":11342,"href":"http:\/\/www.ahornschule.de\/index.php?rest_route=\/wp\/v2\/pages\/44\/revisions\/11342"}],"wp:attachment":[{"href":"http:\/\/www.ahornschule.de\/index.php?rest_route=%2Fwp%2Fv2%2Fmedia&parent=44"}],"curies":[{"name":"wp","href":"https:\/\/api.w.org\/{rel}","templated":true}]}}